{"id":5446,"date":"2015-10-04T15:38:24","date_gmt":"2015-10-04T13:38:24","guid":{"rendered":"http:\/\/examensrelevant.de\/?page_id=5446"},"modified":"2018-12-14T02:16:16","modified_gmt":"2018-12-14T01:16:16","slug":"2-staatsexamen","status":"publish","type":"page","link":"https:\/\/www.juridicus.de\/blog\/2-staatsexamen\/","title":{"rendered":"2.Staatsexamen"},"content":{"rendered":"[vc_row][vc_column width=&#8220;1\/1&#8243;][vc_column_text]\n<h3>Alle gesammelten Pr\u00fcfungsprotokolle zum Zweiten\u00a0Staatsexamen<\/h3>\n<p>Hier gibt es t\u00e4glich neue Beitr\u00e4ge![\/vc_column_text][\/vc_column][\/vc_row][vc_row][vc_column width=&#8220;1\/1&#8243;]\t\n\t<div class=\"row\">\n\t\n\t <div id=\"post-area\" class=\"col span_9   \"> <div class=\"posts-container\" data-load-animation=\"none\">\t\t\t\t\n\t\t\t\t\n\t\t\t\t\n<article id=\"post-18512\" class=\"regular post-18512 post type-post status-publish format-standard hentry category-2-staatsexamen category-offentliches-recht-rechtsgebiet category-protokolle category-magazin\">\n\n\t<div class=\"post-content\">\n\t\t\n\t\t\t\t\t\n\t\t\t\t\t\t\n\t\t\t<div class=\"post-meta no-img\">\n\t\t\t\t\n\t\t\t\t\t\t\t\t\n\t\t\t\t<div class=\"date\">\n\t\t\t\t\t\t\t\t\t\t\n\t\t\t\t\t\t<span class=\"month\">Apr.<\/span>\n\t\t\t\t\t\t<span class=\"day\">23<\/span>\n\t\t\t\t\t\t<span class=\"year\">2026<\/span>\t\t\t\t<\/div><!--\/date-->\n\t\t\t\t\n\t\t\t\t \n\t\t\t\t\t<div class=\"nectar-love-wrap\">\n\t\t\t\t\t\t<a href=\"#\" class=\"nectar-love\" id=\"nectar-love-18512\" title=\"Love this\"> <div class=\"heart-wrap\"><i class=\"icon-salient-heart-2\"><\/i> <i class=\"icon-salient-heart loved\"><\/i><\/div><span class=\"nectar-love-count\">7<\/span><\/a>\t\t\t\t\t<\/div><!--\/nectar-love-wrap-->\t\n\t\t\t\t\t\t\t<\/div><!--\/post-meta-->\n\t\t\t\n\t\t\t\t\n\t\t<div class=\"content-inner\">\n\t\t\t\n\t\t\t\t\t\t\n\t\t\t\t\t\t\t<div class=\"article-content-wrap\">\n\n\t\t\t\t\t<div class=\"post-header\">\n\t\t\t\t\t\t<h2 class=\"title\"> <a href=\"https:\/\/www.juridicus.de\/blog\/protokoll-der-muendlichen-pruefung-zum-2-staatsexamen-berlin-vom-februar-2026-2\/\">Protokoll der m\u00fcndlichen Pr\u00fcfung zum 2. Staatsexamen &#8211; Berlin vom Februar 2026 <\/a> <\/h2>\n\t\t\t\t\t\t<span class=\"meta-author\"><span>Von<\/span> <a href=\"https:\/\/www.juridicus.de\/blog\/author\/juridicus\/\" title=\"Beitr\u00e4ge von Juridicus Admin\" rel=\"author\">Juridicus Admin<\/a><\/span> <span class=\"meta-category\">| <a href=\"https:\/\/www.juridicus.de\/blog\/category\/magazin\/protokolle\/2-staatsexamen\/\">2.Staatsexamen<\/a>, <a href=\"https:\/\/www.juridicus.de\/blog\/category\/rechtsgebiet\/offentliches-recht-rechtsgebiet\/\">\u00d6ffentliches Recht<\/a>, <a href=\"https:\/\/www.juridicus.de\/blog\/category\/magazin\/protokolle\/\">Protokolle<\/a>, <a href=\"https:\/\/www.juridicus.de\/blog\/category\/magazin\/\">Pr\u00fcfungswissen<\/a><\/span> <span class=\"meta-comment-count\">| <a href=\"https:\/\/www.juridicus.de\/blog\/protokoll-der-muendlichen-pruefung-zum-2-staatsexamen-berlin-vom-februar-2026-2\/#respond\">\n\t\t\t\t\t\tKeine Kommentare<\/a><\/span>\n\t\t\t\t\t<\/div><!--\/post-header-->\n\t\t\t\t<div class=\"excerpt\"><p>[vc_row type=&#8220;in_container&#8220; scene_position=&#8220;center&#8220; text_color=&#8220;dark&#8220; text_align=&#8220;left&#8220; overlay_strength=&#8220;0.3&#8243;][vc_column column_padding=&#8220;no-extra-padding&#8220; column_padding_position=&#8220;all&#8220; background_color_opacity=&#8220;1&#8243; background_hover_color_opacity=&#8220;1&#8243; width=&#8220;1\/1&#8243;][\/vc_column][\/vc_row][vc_row type=&#8220;in_container&#8220; scene_position=&#8220;center&#8220; text_color=&#8220;dark&#8220; text_align=&#8220;left&#8220; overlay_strength=&#8220;0.3&#8243;][vc_column column_padding=&#8220;no-extra-padding&#8220; column_padding_position=&#8220;all&#8220; background_color_opacity=&#8220;1&#8243; background_hover_color_opacity=&#8220;1&#8243; width=&#8220;1\/1&#8243;][vc_column_text] Pr\u00fcfungsthemen: \u00d6ffentliches Recht [\/vc_column_text][vc_column_text] Vorpunkte der Kandidaten [\/vc_column_text][vc_column_text] Kandidat 1 Endpunkte 6,4 Endnote 7,5 Endnote 1. Examen 6,8 [\/vc_column_text][vc_column_text] Zur Sache: Pr\u00fcfungsthemen: Einstweiliger Rechtsschutz, sofortiger Vollzug, Baurecht Paragraphen: \u00a7123 VwGO, \u00a7161 VwGO, \u00a730 BauGB Pr\u00fcfungsgespr\u00e4ch: Frage-Antwort, l\u00e4sst Meldungen zu, Fragestellung klar [\/vc_column_text][vc_column_text] [\/vc_column_text][\/vc_column][\/vc_row][vc_row type=&#8220;in_container&#8220; scene_position=&#8220;center&#8220; text_color=&#8220;dark&#8220; text_align=&#8220;left&#8220; overlay_strength=&#8220;0.3&#8243;][vc_column column_padding=&#8220;no-extra-padding&#8220;&#8230;<\/p>\n<\/div><a class=\"more-link\" href=\"https:\/\/www.juridicus.de\/blog\/protokoll-der-muendlichen-pruefung-zum-2-staatsexamen-berlin-vom-februar-2026-2\/\"><span class=\"continue-reading\">Weiter lesen<\/span><\/a>\t\t\t\t\t\n\t\t\t\t<\/div><!--article-content-wrap-->\n\n\t\t\t\t\t\t\n\t\t   \n\t\t\t\t\t\t\n\t\t\t\t\t\t\t\n\t\t<\/div><!--\/content-inner-->\n\t\t\n\t<\/div><!--\/post-content-->\n\t\t\n<\/article><!--\/article-->\n\t\t\t\t\t\t\t\n\t\t\t\t\n\t\t\t\t\n<article id=\"post-18497\" class=\"regular post-18497 post type-post status-publish format-standard hentry category-2-staatsexamen category-protokolle category-magazin category-strafrecht-rechtsgebiet\">\n\n\t<div class=\"post-content\">\n\t\t\n\t\t\t\t\t\n\t\t\t\t\t\t\n\t\t\t<div class=\"post-meta no-img\">\n\t\t\t\t\n\t\t\t\t\t\t\t\t\n\t\t\t\t<div class=\"date\">\n\t\t\t\t\t\t\t\t\t\t\n\t\t\t\t\t\t<span class=\"month\">Apr.<\/span>\n\t\t\t\t\t\t<span class=\"day\">16<\/span>\n\t\t\t\t\t\t<span class=\"year\">2026<\/span>\t\t\t\t<\/div><!--\/date-->\n\t\t\t\t\n\t\t\t\t \n\t\t\t\t\t<div class=\"nectar-love-wrap\">\n\t\t\t\t\t\t<a href=\"#\" class=\"nectar-love\" id=\"nectar-love-18497\" title=\"Love this\"> <div class=\"heart-wrap\"><i class=\"icon-salient-heart-2\"><\/i> <i class=\"icon-salient-heart loved\"><\/i><\/div><span class=\"nectar-love-count\">11<\/span><\/a>\t\t\t\t\t<\/div><!--\/nectar-love-wrap-->\t\n\t\t\t\t\t\t\t<\/div><!--\/post-meta-->\n\t\t\t\n\t\t\t\t\n\t\t<div class=\"content-inner\">\n\t\t\t\n\t\t\t\t\t\t\n\t\t\t\t\t\t\t<div class=\"article-content-wrap\">\n\n\t\t\t\t\t<div class=\"post-header\">\n\t\t\t\t\t\t<h2 class=\"title\"> <a href=\"https:\/\/www.juridicus.de\/blog\/protokoll-der-muendlichen-pruefung-zum-2-staatsexamen-bayern-vom-dezember-2025\/\">Protokoll der m\u00fcndlichen Pr\u00fcfung zum 2. Staatsexamen &#8211; Bayern vom Dezember 2025 <\/a> <\/h2>\n\t\t\t\t\t\t<span class=\"meta-author\"><span>Von<\/span> <a href=\"https:\/\/www.juridicus.de\/blog\/author\/juridicus\/\" title=\"Beitr\u00e4ge von Juridicus Admin\" rel=\"author\">Juridicus Admin<\/a><\/span> <span class=\"meta-category\">| <a href=\"https:\/\/www.juridicus.de\/blog\/category\/magazin\/protokolle\/2-staatsexamen\/\">2.Staatsexamen<\/a>, <a href=\"https:\/\/www.juridicus.de\/blog\/category\/magazin\/protokolle\/\">Protokolle<\/a>, <a href=\"https:\/\/www.juridicus.de\/blog\/category\/magazin\/\">Pr\u00fcfungswissen<\/a>, <a href=\"https:\/\/www.juridicus.de\/blog\/category\/rechtsgebiet\/strafrecht-rechtsgebiet\/\">Strafrecht<\/a><\/span> <span class=\"meta-comment-count\">| <a href=\"https:\/\/www.juridicus.de\/blog\/protokoll-der-muendlichen-pruefung-zum-2-staatsexamen-bayern-vom-dezember-2025\/#respond\">\n\t\t\t\t\t\tKeine Kommentare<\/a><\/span>\n\t\t\t\t\t<\/div><!--\/post-header-->\n\t\t\t\t<div class=\"excerpt\"><p>[vc_row type=&#8220;in_container&#8220; scene_position=&#8220;center&#8220; text_color=&#8220;dark&#8220; text_align=&#8220;left&#8220; overlay_strength=&#8220;0.3&#8243;][vc_column column_padding=&#8220;no-extra-padding&#8220; column_padding_position=&#8220;all&#8220; background_color_opacity=&#8220;1&#8243; background_hover_color_opacity=&#8220;1&#8243; width=&#8220;1\/1&#8243;][\/vc_column][\/vc_row][vc_row type=&#8220;in_container&#8220; scene_position=&#8220;center&#8220; text_color=&#8220;dark&#8220; text_align=&#8220;left&#8220; overlay_strength=&#8220;0.3&#8243;][vc_column column_padding=&#8220;no-extra-padding&#8220; column_padding_position=&#8220;all&#8220; background_color_opacity=&#8220;1&#8243; background_hover_color_opacity=&#8220;1&#8243; width=&#8220;1\/1&#8243;][vc_column_text] Pr\u00fcfungsthemen: Strafrecht [\/vc_column_text][vc_column_text] Vorpunkte der Kandidaten [\/vc_column_text][vc_column_text] Kandidat 1 Endpunkte 8,58 Endnote 9,54 Endnote 1. Examen 9,31 [\/vc_column_text][vc_column_text] Zur Sache: Pr\u00fcfungsthemen:\u00a0protokollfest Pr\u00fcfungsthemen:\u00a0 Dursuchung, Beschlagnahme Paragraphen: \u00a0\u00a7102 StPO Pr\u00fcfungsgespr\u00e4ch: Diskussion, Intensivbefragung Einzelner [\/vc_column_text][vc_column_text] [\/vc_column_text][\/vc_column][\/vc_row][vc_row type=&#8220;in_container&#8220; scene_position=&#8220;center&#8220; text_color=&#8220;dark&#8220; text_align=&#8220;left&#8220; overlay_strength=&#8220;0.3&#8243;][vc_column column_padding=&#8220;no-extra-padding&#8220; column_padding_position=&#8220;all&#8220; background_color_opacity=&#8220;1&#8243; background_hover_color_opacity=&#8220;1&#8243; width=&#8220;1\/1&#8243;][vc_column_text] Pr\u00fcfungsgespr\u00e4ch: In der Pr\u00fcfung wurde folgender&#8230;<\/p>\n<\/div><a class=\"more-link\" href=\"https:\/\/www.juridicus.de\/blog\/protokoll-der-muendlichen-pruefung-zum-2-staatsexamen-bayern-vom-dezember-2025\/\"><span class=\"continue-reading\">Weiter lesen<\/span><\/a>\t\t\t\t\t\n\t\t\t\t<\/div><!--article-content-wrap-->\n\n\t\t\t\t\t\t\n\t\t   \n\t\t\t\t\t\t\n\t\t\t\t\t\t\t\n\t\t<\/div><!--\/content-inner-->\n\t\t\n\t<\/div><!--\/post-content-->\n\t\t\n<\/article><!--\/article-->\n\t\t\t\t\t\t\t\n\t\t\t\t\n\t\t\t\t\n<article id=\"post-18489\" class=\"regular post-18489 post type-post status-publish format-standard hentry category-2-staatsexamen category-protokolle category-magazin category-zivilrecht-rechtsgebiet\">\n\n\t<div class=\"post-content\">\n\t\t\n\t\t\t\t\t\n\t\t\t\t\t\t\n\t\t\t<div class=\"post-meta no-img\">\n\t\t\t\t\n\t\t\t\t\t\t\t\t\n\t\t\t\t<div class=\"date\">\n\t\t\t\t\t\t\t\t\t\t\n\t\t\t\t\t\t<span class=\"month\">Apr.<\/span>\n\t\t\t\t\t\t<span class=\"day\">09<\/span>\n\t\t\t\t\t\t<span class=\"year\">2026<\/span>\t\t\t\t<\/div><!--\/date-->\n\t\t\t\t\n\t\t\t\t \n\t\t\t\t\t<div class=\"nectar-love-wrap\">\n\t\t\t\t\t\t<a href=\"#\" class=\"nectar-love\" id=\"nectar-love-18489\" title=\"Love this\"> <div class=\"heart-wrap\"><i class=\"icon-salient-heart-2\"><\/i> <i class=\"icon-salient-heart loved\"><\/i><\/div><span class=\"nectar-love-count\">11<\/span><\/a>\t\t\t\t\t<\/div><!--\/nectar-love-wrap-->\t\n\t\t\t\t\t\t\t<\/div><!--\/post-meta-->\n\t\t\t\n\t\t\t\t\n\t\t<div class=\"content-inner\">\n\t\t\t\n\t\t\t\t\t\t\n\t\t\t\t\t\t\t<div class=\"article-content-wrap\">\n\n\t\t\t\t\t<div class=\"post-header\">\n\t\t\t\t\t\t<h2 class=\"title\"> <a href=\"https:\/\/www.juridicus.de\/blog\/protokoll-der-muendlichen-pruefung-zum-2-staatsexamen-nrw-vom-maerz-2026\/\">Protokoll der m\u00fcndlichen Pr\u00fcfung zum 2. Staatsexamen &#8211; NRW vom M\u00e4rz 2026 <\/a> <\/h2>\n\t\t\t\t\t\t<span class=\"meta-author\"><span>Von<\/span> <a href=\"https:\/\/www.juridicus.de\/blog\/author\/juridicus\/\" title=\"Beitr\u00e4ge von Juridicus Admin\" rel=\"author\">Juridicus Admin<\/a><\/span> <span class=\"meta-category\">| <a href=\"https:\/\/www.juridicus.de\/blog\/category\/magazin\/protokolle\/2-staatsexamen\/\">2.Staatsexamen<\/a>, <a href=\"https:\/\/www.juridicus.de\/blog\/category\/magazin\/protokolle\/\">Protokolle<\/a>, <a href=\"https:\/\/www.juridicus.de\/blog\/category\/magazin\/\">Pr\u00fcfungswissen<\/a>, <a href=\"https:\/\/www.juridicus.de\/blog\/category\/rechtsgebiet\/zivilrecht-rechtsgebiet\/\">Zivilrecht<\/a><\/span> <span class=\"meta-comment-count\">| <a href=\"https:\/\/www.juridicus.de\/blog\/protokoll-der-muendlichen-pruefung-zum-2-staatsexamen-nrw-vom-maerz-2026\/#respond\">\n\t\t\t\t\t\tKeine Kommentare<\/a><\/span>\n\t\t\t\t\t<\/div><!--\/post-header-->\n\t\t\t\t<div class=\"excerpt\"><p>[vc_row type=&#8220;in_container&#8220; scene_position=&#8220;center&#8220; text_color=&#8220;dark&#8220; text_align=&#8220;left&#8220; overlay_strength=&#8220;0.3&#8243;][vc_column column_padding=&#8220;no-extra-padding&#8220; column_padding_position=&#8220;all&#8220; background_color_opacity=&#8220;1&#8243; background_hover_color_opacity=&#8220;1&#8243; width=&#8220;1\/1&#8243;][\/vc_column][\/vc_row][vc_row type=&#8220;in_container&#8220; scene_position=&#8220;center&#8220; text_color=&#8220;dark&#8220; text_align=&#8220;left&#8220; overlay_strength=&#8220;0.3&#8243;][vc_column column_padding=&#8220;no-extra-padding&#8220; column_padding_position=&#8220;all&#8220; background_color_opacity=&#8220;1&#8243; background_hover_color_opacity=&#8220;1&#8243; width=&#8220;1\/1&#8243;][vc_column_text] Pr\u00fcfungsthemen: Zivilrecht [\/vc_column_text][vc_column_text] Vorpunkte der Kandidaten [\/vc_column_text][vc_column_text] Kandidat 1 Endpunkte 7,77 Endnote 8,00 Endnote 1. Examen 6,87 [\/vc_column_text][vc_column_text] Zur Sache: Pr\u00fcfungsthemen: Mietrecht, Schadensersatzrecht Paragraphen: \u00a7823 BGB, \u00a729 ZPO Pr\u00fcfungsgespr\u00e4ch: Frage-Antwort, h\u00e4lt Reihenfolge ein, Intensivbefragung Einzelner, Fragestellung klar [\/vc_column_text][vc_column_text] [\/vc_column_text][\/vc_column][\/vc_row][vc_row type=&#8220;in_container&#8220; scene_position=&#8220;center&#8220; text_color=&#8220;dark&#8220; text_align=&#8220;left&#8220; overlay_strength=&#8220;0.3&#8243;][vc_column column_padding=&#8220;no-extra-padding&#8220; column_padding_position=&#8220;all&#8220; background_color_opacity=&#8220;1&#8243; background_hover_color_opacity=&#8220;1&#8243; width=&#8220;1\/1&#8243;][vc_column_text]&#8230;<\/p>\n<\/div><a class=\"more-link\" href=\"https:\/\/www.juridicus.de\/blog\/protokoll-der-muendlichen-pruefung-zum-2-staatsexamen-nrw-vom-maerz-2026\/\"><span class=\"continue-reading\">Weiter lesen<\/span><\/a>\t\t\t\t\t\n\t\t\t\t<\/div><!--article-content-wrap-->\n\n\t\t\t\t\t\t\n\t\t   \n\t\t\t\t\t\t\n\t\t\t\t\t\t\t\n\t\t<\/div><!--\/content-inner-->\n\t\t\n\t<\/div><!--\/post-content-->\n\t\t\n<\/article><!--\/article-->\n\t\t\t\t\t\t\t\n\t\t\t\t\n\t\t\t\t\n<article id=\"post-18481\" class=\"regular post-18481 post type-post status-publish format-standard hentry category-2-staatsexamen category-offentliches-recht-rechtsgebiet category-protokolle category-magazin\">\n\n\t<div class=\"post-content\">\n\t\t\n\t\t\t\t\t\n\t\t\t\t\t\t\n\t\t\t<div class=\"post-meta no-img\">\n\t\t\t\t\n\t\t\t\t\t\t\t\t\n\t\t\t\t<div class=\"date\">\n\t\t\t\t\t\t\t\t\t\t\n\t\t\t\t\t\t<span class=\"month\">Apr.<\/span>\n\t\t\t\t\t\t<span class=\"day\">02<\/span>\n\t\t\t\t\t\t<span class=\"year\">2026<\/span>\t\t\t\t<\/div><!--\/date-->\n\t\t\t\t\n\t\t\t\t \n\t\t\t\t\t<div class=\"nectar-love-wrap\">\n\t\t\t\t\t\t<a href=\"#\" class=\"nectar-love\" id=\"nectar-love-18481\" title=\"Love this\"> <div class=\"heart-wrap\"><i class=\"icon-salient-heart-2\"><\/i> <i class=\"icon-salient-heart loved\"><\/i><\/div><span class=\"nectar-love-count\">7<\/span><\/a>\t\t\t\t\t<\/div><!--\/nectar-love-wrap-->\t\n\t\t\t\t\t\t\t<\/div><!--\/post-meta-->\n\t\t\t\n\t\t\t\t\n\t\t<div class=\"content-inner\">\n\t\t\t\n\t\t\t\t\t\t\n\t\t\t\t\t\t\t<div class=\"article-content-wrap\">\n\n\t\t\t\t\t<div class=\"post-header\">\n\t\t\t\t\t\t<h2 class=\"title\"> <a href=\"https:\/\/www.juridicus.de\/blog\/protokoll-der-muendlichen-pruefung-zum-2-staatsexamen-hamburg-vom-maerz-2026\/\">Protokoll der m\u00fcndlichen Pr\u00fcfung zum 2. Staatsexamen &#8211; Hamburg vom M\u00e4rz 2026 <\/a> <\/h2>\n\t\t\t\t\t\t<span class=\"meta-author\"><span>Von<\/span> <a href=\"https:\/\/www.juridicus.de\/blog\/author\/juridicus\/\" title=\"Beitr\u00e4ge von Juridicus Admin\" rel=\"author\">Juridicus Admin<\/a><\/span> <span class=\"meta-category\">| <a href=\"https:\/\/www.juridicus.de\/blog\/category\/magazin\/protokolle\/2-staatsexamen\/\">2.Staatsexamen<\/a>, <a href=\"https:\/\/www.juridicus.de\/blog\/category\/rechtsgebiet\/offentliches-recht-rechtsgebiet\/\">\u00d6ffentliches Recht<\/a>, <a href=\"https:\/\/www.juridicus.de\/blog\/category\/magazin\/protokolle\/\">Protokolle<\/a>, <a href=\"https:\/\/www.juridicus.de\/blog\/category\/magazin\/\">Pr\u00fcfungswissen<\/a><\/span> <span class=\"meta-comment-count\">| <a href=\"https:\/\/www.juridicus.de\/blog\/protokoll-der-muendlichen-pruefung-zum-2-staatsexamen-hamburg-vom-maerz-2026\/#respond\">\n\t\t\t\t\t\tKeine Kommentare<\/a><\/span>\n\t\t\t\t\t<\/div><!--\/post-header-->\n\t\t\t\t<div class=\"excerpt\"><p>[vc_row type=&#8220;in_container&#8220; scene_position=&#8220;center&#8220; text_color=&#8220;dark&#8220; text_align=&#8220;left&#8220; overlay_strength=&#8220;0.3&#8243;][vc_column column_padding=&#8220;no-extra-padding&#8220; column_padding_position=&#8220;all&#8220; background_color_opacity=&#8220;1&#8243; background_hover_color_opacity=&#8220;1&#8243; width=&#8220;1\/1&#8243;][\/vc_column][\/vc_row][vc_row type=&#8220;in_container&#8220; scene_position=&#8220;center&#8220; text_color=&#8220;dark&#8220; text_align=&#8220;left&#8220; overlay_strength=&#8220;0.3&#8243;][vc_column column_padding=&#8220;no-extra-padding&#8220; column_padding_position=&#8220;all&#8220; background_color_opacity=&#8220;1&#8243; background_hover_color_opacity=&#8220;1&#8243; width=&#8220;1\/1&#8243;][vc_column_text] Pr\u00fcfungsthemen: \u00d6ffentliches Recht [\/vc_column_text][vc_column_text] Vorpunkte der Kandidaten [\/vc_column_text][vc_column_text] Kandidat 1 Endpunkte 10,66 Endnote 11,12 Endnote 1. Examen 8,0 [\/vc_column_text][vc_column_text] Zur Sache: Pr\u00fcfungsstoff: protokollfest Pr\u00fcfungsthemen: Antrag nach \u00a7 80 VwGO Fortsetzungsfeststellungsklage Verwaltungsvollstreckung Paragraphen: \u00a780 VwGO, \u00a7113 VwGO, \u00a76 VwVG Pr\u00fcfungsgespr\u00e4ch: Frage-Antwort, h\u00e4lt Reihenfolge ein, verfolgt Zwischenthemen, Fragestellung klar [\/vc_column_text][vc_column_text] [\/vc_column_text][\/vc_column][\/vc_row][vc_row&#8230;<\/p>\n<\/div><a class=\"more-link\" href=\"https:\/\/www.juridicus.de\/blog\/protokoll-der-muendlichen-pruefung-zum-2-staatsexamen-hamburg-vom-maerz-2026\/\"><span class=\"continue-reading\">Weiter lesen<\/span><\/a>\t\t\t\t\t\n\t\t\t\t<\/div><!--article-content-wrap-->\n\n\t\t\t\t\t\t\n\t\t   \n\t\t\t\t\t\t\n\t\t\t\t\t\t\t\n\t\t<\/div><!--\/content-inner-->\n\t\t\n\t<\/div><!--\/post-content-->\n\t\t\n<\/article><!--\/article-->\n\t\t\t\t\t\t\t\n\t\t\t\t\n\t\t\t\t\n<article id=\"post-18470\" class=\"regular post-18470 post type-post status-publish format-standard hentry category-2-staatsexamen category-protokolle category-magazin category-strafrecht-rechtsgebiet\">\n\n\t<div class=\"post-content\">\n\t\t\n\t\t\t\t\t\n\t\t\t\t\t\t\n\t\t\t<div class=\"post-meta no-img\">\n\t\t\t\t\n\t\t\t\t\t\t\t\t\n\t\t\t\t<div class=\"date\">\n\t\t\t\t\t\t\t\t\t\t\n\t\t\t\t\t\t<span class=\"month\">M\u00e4rz<\/span>\n\t\t\t\t\t\t<span class=\"day\">26<\/span>\n\t\t\t\t\t\t<span class=\"year\">2026<\/span>\t\t\t\t<\/div><!--\/date-->\n\t\t\t\t\n\t\t\t\t \n\t\t\t\t\t<div class=\"nectar-love-wrap\">\n\t\t\t\t\t\t<a href=\"#\" class=\"nectar-love\" id=\"nectar-love-18470\" title=\"Love this\"> <div class=\"heart-wrap\"><i class=\"icon-salient-heart-2\"><\/i> <i class=\"icon-salient-heart loved\"><\/i><\/div><span class=\"nectar-love-count\">11<\/span><\/a>\t\t\t\t\t<\/div><!--\/nectar-love-wrap-->\t\n\t\t\t\t\t\t\t<\/div><!--\/post-meta-->\n\t\t\t\n\t\t\t\t\n\t\t<div class=\"content-inner\">\n\t\t\t\n\t\t\t\t\t\t\n\t\t\t\t\t\t\t<div class=\"article-content-wrap\">\n\n\t\t\t\t\t<div class=\"post-header\">\n\t\t\t\t\t\t<h2 class=\"title\"> <a href=\"https:\/\/www.juridicus.de\/blog\/protokoll-der-muendlichen-pruefung-zum-2-staatsexamen-hessen-vom-januar-2026-2\/\">Protokoll der m\u00fcndlichen Pr\u00fcfung zum 2. Staatsexamen &#8211; Hessen vom Januar 2026 <\/a> <\/h2>\n\t\t\t\t\t\t<span class=\"meta-author\"><span>Von<\/span> <a href=\"https:\/\/www.juridicus.de\/blog\/author\/juridicus\/\" title=\"Beitr\u00e4ge von Juridicus Admin\" rel=\"author\">Juridicus Admin<\/a><\/span> <span class=\"meta-category\">| <a href=\"https:\/\/www.juridicus.de\/blog\/category\/magazin\/protokolle\/2-staatsexamen\/\">2.Staatsexamen<\/a>, <a href=\"https:\/\/www.juridicus.de\/blog\/category\/magazin\/protokolle\/\">Protokolle<\/a>, <a href=\"https:\/\/www.juridicus.de\/blog\/category\/magazin\/\">Pr\u00fcfungswissen<\/a>, <a href=\"https:\/\/www.juridicus.de\/blog\/category\/rechtsgebiet\/strafrecht-rechtsgebiet\/\">Strafrecht<\/a><\/span> <span class=\"meta-comment-count\">| <a href=\"https:\/\/www.juridicus.de\/blog\/protokoll-der-muendlichen-pruefung-zum-2-staatsexamen-hessen-vom-januar-2026-2\/#respond\">\n\t\t\t\t\t\tKeine Kommentare<\/a><\/span>\n\t\t\t\t\t<\/div><!--\/post-header-->\n\t\t\t\t<div class=\"excerpt\"><p>[vc_row type=&#8220;in_container&#8220; scene_position=&#8220;center&#8220; text_color=&#8220;dark&#8220; text_align=&#8220;left&#8220; overlay_strength=&#8220;0.3&#8243;][vc_column column_padding=&#8220;no-extra-padding&#8220; column_padding_position=&#8220;all&#8220; background_color_opacity=&#8220;1&#8243; background_hover_color_opacity=&#8220;1&#8243; width=&#8220;1\/1&#8243;][\/vc_column][\/vc_row][vc_row type=&#8220;in_container&#8220; scene_position=&#8220;center&#8220; text_color=&#8220;dark&#8220; text_align=&#8220;left&#8220; overlay_strength=&#8220;0.3&#8243;][vc_column column_padding=&#8220;no-extra-padding&#8220; column_padding_position=&#8220;all&#8220; background_color_opacity=&#8220;1&#8243; background_hover_color_opacity=&#8220;1&#8243; width=&#8220;1\/1&#8243;][vc_column_text] Pr\u00fcfungsthemen: Strafrecht [\/vc_column_text][vc_column_text] Vorpunkte der Kandidaten [\/vc_column_text][vc_column_text] Kandidat 1 Endpunkte 7,6 Endnote 9,3 Endnote 1. Examen 9,6 [\/vc_column_text][vc_column_text] Zur Sache: Pr\u00fcfungsthemen:\u00a0protokollfest Pr\u00fcfungsthemen:\u00a0 Mord U Haft Revision Paragraphen: \u00a0\u00a7211 StGB, \u00a7112 StPO Pr\u00fcfungsgespr\u00e4ch: Frage-Antwort, h\u00e4lt Reihenfolge ein [\/vc_column_text][vc_column_text] [\/vc_column_text][\/vc_column][\/vc_row][vc_row type=&#8220;in_container&#8220; scene_position=&#8220;center&#8220; text_color=&#8220;dark&#8220; text_align=&#8220;left&#8220; overlay_strength=&#8220;0.3&#8243;][vc_column column_padding=&#8220;no-extra-padding&#8220; column_padding_position=&#8220;all&#8220; background_color_opacity=&#8220;1&#8243; background_hover_color_opacity=&#8220;1&#8243; width=&#8220;1\/1&#8243;][vc_column_text] Pr\u00fcfungsgespr\u00e4ch:&#8230;<\/p>\n<\/div><a class=\"more-link\" href=\"https:\/\/www.juridicus.de\/blog\/protokoll-der-muendlichen-pruefung-zum-2-staatsexamen-hessen-vom-januar-2026-2\/\"><span class=\"continue-reading\">Weiter lesen<\/span><\/a>\t\t\t\t\t\n\t\t\t\t<\/div><!--article-content-wrap-->\n\n\t\t\t\t\t\t\n\t\t   \n\t\t\t\t\t\t\n\t\t\t\t\t\t\t\n\t\t<\/div><!--\/content-inner-->\n\t\t\n\t<\/div><!--\/post-content-->\n\t\t\n<\/article><!--\/article-->\n\t\t\t\t\t\t\t\n\t\t\t\t\n\t\t\t\t\n<article id=\"post-18460\" class=\"regular post-18460 post type-post status-publish format-standard hentry category-2-staatsexamen category-protokolle category-magazin category-zivilrecht-rechtsgebiet\">\n\n\t<div class=\"post-content\">\n\t\t\n\t\t\t\t\t\n\t\t\t\t\t\t\n\t\t\t<div class=\"post-meta no-img\">\n\t\t\t\t\n\t\t\t\t\t\t\t\t\n\t\t\t\t<div class=\"date\">\n\t\t\t\t\t\t\t\t\t\t\n\t\t\t\t\t\t<span class=\"month\">M\u00e4rz<\/span>\n\t\t\t\t\t\t<span class=\"day\">19<\/span>\n\t\t\t\t\t\t<span class=\"year\">2026<\/span>\t\t\t\t<\/div><!--\/date-->\n\t\t\t\t\n\t\t\t\t \n\t\t\t\t\t<div class=\"nectar-love-wrap\">\n\t\t\t\t\t\t<a href=\"#\" class=\"nectar-love\" id=\"nectar-love-18460\" title=\"Love this\"> <div class=\"heart-wrap\"><i class=\"icon-salient-heart-2\"><\/i> <i class=\"icon-salient-heart loved\"><\/i><\/div><span class=\"nectar-love-count\">11<\/span><\/a>\t\t\t\t\t<\/div><!--\/nectar-love-wrap-->\t\n\t\t\t\t\t\t\t<\/div><!--\/post-meta-->\n\t\t\t\n\t\t\t\t\n\t\t<div class=\"content-inner\">\n\t\t\t\n\t\t\t\t\t\t\n\t\t\t\t\t\t\t<div class=\"article-content-wrap\">\n\n\t\t\t\t\t<div class=\"post-header\">\n\t\t\t\t\t\t<h2 class=\"title\"> <a href=\"https:\/\/www.juridicus.de\/blog\/protokoll-der-muendlichen-pruefung-zum-2-staatsexamen-niedersachsen-vom-februar-2026\/\">Protokoll der m\u00fcndlichen Pr\u00fcfung zum 2. Staatsexamen &#8211; Niedersachsen vom Februar 2026 <\/a> <\/h2>\n\t\t\t\t\t\t<span class=\"meta-author\"><span>Von<\/span> <a href=\"https:\/\/www.juridicus.de\/blog\/author\/juridicus\/\" title=\"Beitr\u00e4ge von Juridicus Admin\" rel=\"author\">Juridicus Admin<\/a><\/span> <span class=\"meta-category\">| <a href=\"https:\/\/www.juridicus.de\/blog\/category\/magazin\/protokolle\/2-staatsexamen\/\">2.Staatsexamen<\/a>, <a href=\"https:\/\/www.juridicus.de\/blog\/category\/magazin\/protokolle\/\">Protokolle<\/a>, <a href=\"https:\/\/www.juridicus.de\/blog\/category\/magazin\/\">Pr\u00fcfungswissen<\/a>, <a href=\"https:\/\/www.juridicus.de\/blog\/category\/rechtsgebiet\/zivilrecht-rechtsgebiet\/\">Zivilrecht<\/a><\/span> <span class=\"meta-comment-count\">| <a href=\"https:\/\/www.juridicus.de\/blog\/protokoll-der-muendlichen-pruefung-zum-2-staatsexamen-niedersachsen-vom-februar-2026\/#respond\">\n\t\t\t\t\t\tKeine Kommentare<\/a><\/span>\n\t\t\t\t\t<\/div><!--\/post-header-->\n\t\t\t\t<div class=\"excerpt\"><p>[vc_row type=&#8220;in_container&#8220; scene_position=&#8220;center&#8220; text_color=&#8220;dark&#8220; text_align=&#8220;left&#8220; overlay_strength=&#8220;0.3&#8243;][vc_column column_padding=&#8220;no-extra-padding&#8220; column_padding_position=&#8220;all&#8220; background_color_opacity=&#8220;1&#8243; background_hover_color_opacity=&#8220;1&#8243; width=&#8220;1\/1&#8243;][\/vc_column][\/vc_row][vc_row type=&#8220;in_container&#8220; scene_position=&#8220;center&#8220; text_color=&#8220;dark&#8220; text_align=&#8220;left&#8220; overlay_strength=&#8220;0.3&#8243;][vc_column column_padding=&#8220;no-extra-padding&#8220; column_padding_position=&#8220;all&#8220; background_color_opacity=&#8220;1&#8243; background_hover_color_opacity=&#8220;1&#8243; width=&#8220;1\/1&#8243;][vc_column_text] Pr\u00fcfungsthemen: Zivilrecht [\/vc_column_text][vc_column_text] Vorpunkte der Kandidaten [\/vc_column_text][vc_column_text] Kandidat 1 Endpunkte 8,17 Endnote 9,85 Endnote 1. Examen 7,25 [\/vc_column_text][vc_column_text] Zur Sache: Pr\u00fcfungsstoff:\u00a0protokollfest Pr\u00fcfungsthemen: Anh\u00e4ngigkeit und Rechtsh\u00e4ngigkeit -Wirkungen Gerichten Pr\u00e4sidenten und Direktoren Unabh\u00e4ngigkeit der Richter Vergleich, Klager\u00fccknahme, Verzicht, Anerkenntnis etc. Tenorbeispiele, Widerrufsfrist &#8230; Paragraphen: \u00a721a GVG, \u00a721e GVG, \u00a7261 ZPO, \u00a791&#8230;<\/p>\n<\/div><a class=\"more-link\" href=\"https:\/\/www.juridicus.de\/blog\/protokoll-der-muendlichen-pruefung-zum-2-staatsexamen-niedersachsen-vom-februar-2026\/\"><span class=\"continue-reading\">Weiter lesen<\/span><\/a>\t\t\t\t\t\n\t\t\t\t<\/div><!--article-content-wrap-->\n\n\t\t\t\t\t\t\n\t\t   \n\t\t\t\t\t\t\n\t\t\t\t\t\t\t\n\t\t<\/div><!--\/content-inner-->\n\t\t\n\t<\/div><!--\/post-content-->\n\t\t\n<\/article><!--\/article-->\n\t\t\t\t\t\t\t\n\t\t\t\t\n\t\t\t\t\n<article id=\"post-18452\" class=\"regular post-18452 post type-post status-publish format-standard hentry category-2-staatsexamen category-offentliches-recht-rechtsgebiet category-protokolle category-magazin\">\n\n\t<div class=\"post-content\">\n\t\t\n\t\t\t\t\t\n\t\t\t\t\t\t\n\t\t\t<div class=\"post-meta no-img\">\n\t\t\t\t\n\t\t\t\t\t\t\t\t\n\t\t\t\t<div class=\"date\">\n\t\t\t\t\t\t\t\t\t\t\n\t\t\t\t\t\t<span class=\"month\">M\u00e4rz<\/span>\n\t\t\t\t\t\t<span class=\"day\">12<\/span>\n\t\t\t\t\t\t<span class=\"year\">2026<\/span>\t\t\t\t<\/div><!--\/date-->\n\t\t\t\t\n\t\t\t\t \n\t\t\t\t\t<div class=\"nectar-love-wrap\">\n\t\t\t\t\t\t<a href=\"#\" class=\"nectar-love\" id=\"nectar-love-18452\" title=\"Love this\"> <div class=\"heart-wrap\"><i class=\"icon-salient-heart-2\"><\/i> <i class=\"icon-salient-heart loved\"><\/i><\/div><span class=\"nectar-love-count\">7<\/span><\/a>\t\t\t\t\t<\/div><!--\/nectar-love-wrap-->\t\n\t\t\t\t\t\t\t<\/div><!--\/post-meta-->\n\t\t\t\n\t\t\t\t\n\t\t<div class=\"content-inner\">\n\t\t\t\n\t\t\t\t\t\t\n\t\t\t\t\t\t\t<div class=\"article-content-wrap\">\n\n\t\t\t\t\t<div class=\"post-header\">\n\t\t\t\t\t\t<h2 class=\"title\"> <a href=\"https:\/\/www.juridicus.de\/blog\/protokoll-der-muendlichen-pruefung-zum-2-staatsexamen-saarland-vom-februar-2026\/\">Protokoll der m\u00fcndlichen Pr\u00fcfung zum 2. Staatsexamen &#8211; Saarland vom Februar 2026 <\/a> <\/h2>\n\t\t\t\t\t\t<span class=\"meta-author\"><span>Von<\/span> <a href=\"https:\/\/www.juridicus.de\/blog\/author\/juridicus\/\" title=\"Beitr\u00e4ge von Juridicus Admin\" rel=\"author\">Juridicus Admin<\/a><\/span> <span class=\"meta-category\">| <a href=\"https:\/\/www.juridicus.de\/blog\/category\/magazin\/protokolle\/2-staatsexamen\/\">2.Staatsexamen<\/a>, <a href=\"https:\/\/www.juridicus.de\/blog\/category\/rechtsgebiet\/offentliches-recht-rechtsgebiet\/\">\u00d6ffentliches Recht<\/a>, <a href=\"https:\/\/www.juridicus.de\/blog\/category\/magazin\/protokolle\/\">Protokolle<\/a>, <a href=\"https:\/\/www.juridicus.de\/blog\/category\/magazin\/\">Pr\u00fcfungswissen<\/a><\/span> <span class=\"meta-comment-count\">| <a href=\"https:\/\/www.juridicus.de\/blog\/protokoll-der-muendlichen-pruefung-zum-2-staatsexamen-saarland-vom-februar-2026\/#respond\">\n\t\t\t\t\t\tKeine Kommentare<\/a><\/span>\n\t\t\t\t\t<\/div><!--\/post-header-->\n\t\t\t\t<div class=\"excerpt\"><p>[vc_row type=&#8220;in_container&#8220; scene_position=&#8220;center&#8220; text_color=&#8220;dark&#8220; text_align=&#8220;left&#8220; overlay_strength=&#8220;0.3&#8243;][vc_column column_padding=&#8220;no-extra-padding&#8220; column_padding_position=&#8220;all&#8220; background_color_opacity=&#8220;1&#8243; background_hover_color_opacity=&#8220;1&#8243; width=&#8220;1\/1&#8243;][\/vc_column][\/vc_row][vc_row type=&#8220;in_container&#8220; scene_position=&#8220;center&#8220; text_color=&#8220;dark&#8220; text_align=&#8220;left&#8220; overlay_strength=&#8220;0.3&#8243;][vc_column column_padding=&#8220;no-extra-padding&#8220; column_padding_position=&#8220;all&#8220; background_color_opacity=&#8220;1&#8243; background_hover_color_opacity=&#8220;1&#8243; width=&#8220;1\/1&#8243;][vc_column_text] Pr\u00fcfungsthemen: \u00d6ffentliches Recht [\/vc_column_text][vc_column_text] Vorpunkte der Kandidaten [\/vc_column_text][vc_column_text] Kandidat 1 Endpunkte 11,11 Endnote 12,38 Endnote 1. Examen 10,88 [\/vc_column_text][vc_column_text] Zur Sache: Pr\u00fcfungsstoff: aktuelle F\u00e4lle Pr\u00fcfungsthemen: Er\u00f6ffnung des Verwaltungsrechtswegs; Streitigkeit nicht verfassungsrechtlicher Art; Ersch\u00f6pfung des Rechtswegs; Verfassungsbeschwerde Paragraphen: \u00a740 VwGO, \u00a7152 VwGO Pr\u00fcfungsgespr\u00e4ch: Frage-Antwort, h\u00e4lt Reihenfolge ein, l\u00e4sst Meldungen zu,&#8230;<\/p>\n<\/div><a class=\"more-link\" href=\"https:\/\/www.juridicus.de\/blog\/protokoll-der-muendlichen-pruefung-zum-2-staatsexamen-saarland-vom-februar-2026\/\"><span class=\"continue-reading\">Weiter lesen<\/span><\/a>\t\t\t\t\t\n\t\t\t\t<\/div><!--article-content-wrap-->\n\n\t\t\t\t\t\t\n\t\t   \n\t\t\t\t\t\t\n\t\t\t\t\t\t\t\n\t\t<\/div><!--\/content-inner-->\n\t\t\n\t<\/div><!--\/post-content-->\n\t\t\n<\/article><!--\/article-->\n\t\t\t\t\t\t\t\n\t\t\t\t\n\t\t\t\t\n<article id=\"post-18439\" class=\"regular post-18439 post type-post status-publish format-standard hentry category-2-staatsexamen category-protokolle category-magazin category-strafrecht-rechtsgebiet\">\n\n\t<div class=\"post-content\">\n\t\t\n\t\t\t\t\t\n\t\t\t\t\t\t\n\t\t\t<div class=\"post-meta no-img\">\n\t\t\t\t\n\t\t\t\t\t\t\t\t\n\t\t\t\t<div class=\"date\">\n\t\t\t\t\t\t\t\t\t\t\n\t\t\t\t\t\t<span class=\"month\">M\u00e4rz<\/span>\n\t\t\t\t\t\t<span class=\"day\">05<\/span>\n\t\t\t\t\t\t<span class=\"year\">2026<\/span>\t\t\t\t<\/div><!--\/date-->\n\t\t\t\t\n\t\t\t\t \n\t\t\t\t\t<div class=\"nectar-love-wrap\">\n\t\t\t\t\t\t<a href=\"#\" class=\"nectar-love\" id=\"nectar-love-18439\" title=\"Love this\"> <div class=\"heart-wrap\"><i class=\"icon-salient-heart-2\"><\/i> <i class=\"icon-salient-heart loved\"><\/i><\/div><span class=\"nectar-love-count\">11<\/span><\/a>\t\t\t\t\t<\/div><!--\/nectar-love-wrap-->\t\n\t\t\t\t\t\t\t<\/div><!--\/post-meta-->\n\t\t\t\n\t\t\t\t\n\t\t<div class=\"content-inner\">\n\t\t\t\n\t\t\t\t\t\t\n\t\t\t\t\t\t\t<div class=\"article-content-wrap\">\n\n\t\t\t\t\t<div class=\"post-header\">\n\t\t\t\t\t\t<h2 class=\"title\"> <a href=\"https:\/\/www.juridicus.de\/blog\/protokoll-der-muendlichen-pruefung-zum-2-staatsexamen-berlin-vom-februar-2026\/\">Protokoll der m\u00fcndlichen Pr\u00fcfung zum 2. Staatsexamen &#8211; Berlin vom Februar 2026 <\/a> <\/h2>\n\t\t\t\t\t\t<span class=\"meta-author\"><span>Von<\/span> <a href=\"https:\/\/www.juridicus.de\/blog\/author\/juridicus\/\" title=\"Beitr\u00e4ge von Juridicus Admin\" rel=\"author\">Juridicus Admin<\/a><\/span> <span class=\"meta-category\">| <a href=\"https:\/\/www.juridicus.de\/blog\/category\/magazin\/protokolle\/2-staatsexamen\/\">2.Staatsexamen<\/a>, <a href=\"https:\/\/www.juridicus.de\/blog\/category\/magazin\/protokolle\/\">Protokolle<\/a>, <a href=\"https:\/\/www.juridicus.de\/blog\/category\/magazin\/\">Pr\u00fcfungswissen<\/a>, <a href=\"https:\/\/www.juridicus.de\/blog\/category\/rechtsgebiet\/strafrecht-rechtsgebiet\/\">Strafrecht<\/a><\/span> <span class=\"meta-comment-count\">| <a href=\"https:\/\/www.juridicus.de\/blog\/protokoll-der-muendlichen-pruefung-zum-2-staatsexamen-berlin-vom-februar-2026\/#respond\">\n\t\t\t\t\t\tKeine Kommentare<\/a><\/span>\n\t\t\t\t\t<\/div><!--\/post-header-->\n\t\t\t\t<div class=\"excerpt\"><p>[vc_row type=&#8220;in_container&#8220; scene_position=&#8220;center&#8220; text_color=&#8220;dark&#8220; text_align=&#8220;left&#8220; overlay_strength=&#8220;0.3&#8243;][vc_column column_padding=&#8220;no-extra-padding&#8220; column_padding_position=&#8220;all&#8220; background_color_opacity=&#8220;1&#8243; background_hover_color_opacity=&#8220;1&#8243; width=&#8220;1\/1&#8243;][\/vc_column][\/vc_row][vc_row type=&#8220;in_container&#8220; scene_position=&#8220;center&#8220; text_color=&#8220;dark&#8220; text_align=&#8220;left&#8220; overlay_strength=&#8220;0.3&#8243;][vc_column column_padding=&#8220;no-extra-padding&#8220; column_padding_position=&#8220;all&#8220; background_color_opacity=&#8220;1&#8243; background_hover_color_opacity=&#8220;1&#8243; width=&#8220;1\/1&#8243;][vc_column_text] Pr\u00fcfungsthemen: Strafrecht [\/vc_column_text][vc_column_text] Vorpunkte der Kandidaten [\/vc_column_text][vc_column_text] Kandidat 1 Endpunkte 4,5 Endnote 7,0 Endnote 1. Examen 6,6 [\/vc_column_text][vc_column_text] Zur Sache: Pr\u00fcfungsthemen:\u00a0 \u00a7142 StGB, Totenruhe, StPO allgemein Paragraphen: \u00a0\u00a7142 StGB Pr\u00fcfungsgespr\u00e4ch: Frage-Antwort, h\u00e4lt Reihenfolge ein, l\u00e4sst Meldungen zu, Fragestellung klar [\/vc_column_text][vc_column_text] [\/vc_column_text][\/vc_column][\/vc_row][vc_row type=&#8220;in_container&#8220; scene_position=&#8220;center&#8220; text_color=&#8220;dark&#8220; text_align=&#8220;left&#8220; overlay_strength=&#8220;0.3&#8243;][vc_column column_padding=&#8220;no-extra-padding&#8220; column_padding_position=&#8220;all&#8220; background_color_opacity=&#8220;1&#8243;&#8230;<\/p>\n<\/div><a class=\"more-link\" href=\"https:\/\/www.juridicus.de\/blog\/protokoll-der-muendlichen-pruefung-zum-2-staatsexamen-berlin-vom-februar-2026\/\"><span class=\"continue-reading\">Weiter lesen<\/span><\/a>\t\t\t\t\t\n\t\t\t\t<\/div><!--article-content-wrap-->\n\n\t\t\t\t\t\t\n\t\t   \n\t\t\t\t\t\t\n\t\t\t\t\t\t\t\n\t\t<\/div><!--\/content-inner-->\n\t\t\n\t<\/div><!--\/post-content-->\n\t\t\n<\/article><!--\/article-->\n\t\t\t\t\t\t\t\n\t\t\t\t\n\t\t\t\t\n<article id=\"post-18430\" class=\"regular post-18430 post type-post status-publish format-standard hentry category-2-staatsexamen category-protokolle category-magazin category-zivilrecht-rechtsgebiet\">\n\n\t<div class=\"post-content\">\n\t\t\n\t\t\t\t\t\n\t\t\t\t\t\t\n\t\t\t<div class=\"post-meta no-img\">\n\t\t\t\t\n\t\t\t\t\t\t\t\t\n\t\t\t\t<div class=\"date\">\n\t\t\t\t\t\t\t\t\t\t\n\t\t\t\t\t\t<span class=\"month\">Feb.<\/span>\n\t\t\t\t\t\t<span class=\"day\">26<\/span>\n\t\t\t\t\t\t<span class=\"year\">2026<\/span>\t\t\t\t<\/div><!--\/date-->\n\t\t\t\t\n\t\t\t\t \n\t\t\t\t\t<div class=\"nectar-love-wrap\">\n\t\t\t\t\t\t<a href=\"#\" class=\"nectar-love\" id=\"nectar-love-18430\" title=\"Love this\"> <div class=\"heart-wrap\"><i class=\"icon-salient-heart-2\"><\/i> <i class=\"icon-salient-heart loved\"><\/i><\/div><span class=\"nectar-love-count\">11<\/span><\/a>\t\t\t\t\t<\/div><!--\/nectar-love-wrap-->\t\n\t\t\t\t\t\t\t<\/div><!--\/post-meta-->\n\t\t\t\n\t\t\t\t\n\t\t<div class=\"content-inner\">\n\t\t\t\n\t\t\t\t\t\t\n\t\t\t\t\t\t\t<div class=\"article-content-wrap\">\n\n\t\t\t\t\t<div class=\"post-header\">\n\t\t\t\t\t\t<h2 class=\"title\"> <a href=\"https:\/\/www.juridicus.de\/blog\/protokoll-der-muendlichen-pruefung-zum-2-staatsexamen-hessen-vom-januar-2026\/\">Protokoll der m\u00fcndlichen Pr\u00fcfung zum 2. Staatsexamen &#8211; Hessen vom Januar 2026 <\/a> <\/h2>\n\t\t\t\t\t\t<span class=\"meta-author\"><span>Von<\/span> <a href=\"https:\/\/www.juridicus.de\/blog\/author\/juridicus\/\" title=\"Beitr\u00e4ge von Juridicus Admin\" rel=\"author\">Juridicus Admin<\/a><\/span> <span class=\"meta-category\">| <a href=\"https:\/\/www.juridicus.de\/blog\/category\/magazin\/protokolle\/2-staatsexamen\/\">2.Staatsexamen<\/a>, <a href=\"https:\/\/www.juridicus.de\/blog\/category\/magazin\/protokolle\/\">Protokolle<\/a>, <a href=\"https:\/\/www.juridicus.de\/blog\/category\/magazin\/\">Pr\u00fcfungswissen<\/a>, <a href=\"https:\/\/www.juridicus.de\/blog\/category\/rechtsgebiet\/zivilrecht-rechtsgebiet\/\">Zivilrecht<\/a><\/span> <span class=\"meta-comment-count\">| <a href=\"https:\/\/www.juridicus.de\/blog\/protokoll-der-muendlichen-pruefung-zum-2-staatsexamen-hessen-vom-januar-2026\/#respond\">\n\t\t\t\t\t\tKeine Kommentare<\/a><\/span>\n\t\t\t\t\t<\/div><!--\/post-header-->\n\t\t\t\t<div class=\"excerpt\"><p>[vc_row type=&#8220;in_container&#8220; scene_position=&#8220;center&#8220; text_color=&#8220;dark&#8220; text_align=&#8220;left&#8220; overlay_strength=&#8220;0.3&#8243;][vc_column column_padding=&#8220;no-extra-padding&#8220; column_padding_position=&#8220;all&#8220; background_color_opacity=&#8220;1&#8243; background_hover_color_opacity=&#8220;1&#8243; width=&#8220;1\/1&#8243;][\/vc_column][\/vc_row][vc_row type=&#8220;in_container&#8220; scene_position=&#8220;center&#8220; text_color=&#8220;dark&#8220; text_align=&#8220;left&#8220; overlay_strength=&#8220;0.3&#8243;][vc_column column_padding=&#8220;no-extra-padding&#8220; column_padding_position=&#8220;all&#8220; background_color_opacity=&#8220;1&#8243; background_hover_color_opacity=&#8220;1&#8243; width=&#8220;1\/1&#8243;][vc_column_text] Pr\u00fcfungsthemen: Zivilrecht [\/vc_column_text][vc_column_text] Vorpunkte der Kandidaten [\/vc_column_text][vc_column_text] Kandidat 1 Endpunkte 11,0 Endnote 11,53 Endnote 1. Examen 10,92 [\/vc_column_text][vc_column_text] Zur Sache: Pr\u00fcfungsthemen: GVG \/ ZPO Reform und entsprechende Auswirkungen; Zust\u00e4ndigkeiten; Unterschied LG \/ AG-Verfahren Paragraphen:\u00a0\u00a771 GVG, \u00a723 GVG, \u00a7504 ZPO, \u00a7495a ZPO, \u00a7348 ZPO Pr\u00fcfungsgespr\u00e4ch: Frage-Antwort, h\u00e4lt Reihenfolge ein, Intensivbefragung&#8230;<\/p>\n<\/div><a class=\"more-link\" href=\"https:\/\/www.juridicus.de\/blog\/protokoll-der-muendlichen-pruefung-zum-2-staatsexamen-hessen-vom-januar-2026\/\"><span class=\"continue-reading\">Weiter lesen<\/span><\/a>\t\t\t\t\t\n\t\t\t\t<\/div><!--article-content-wrap-->\n\n\t\t\t\t\t\t\n\t\t   \n\t\t\t\t\t\t\n\t\t\t\t\t\t\t\n\t\t<\/div><!--\/content-inner-->\n\t\t\n\t<\/div><!--\/post-content-->\n\t\t\n<\/article><!--\/article-->\n\t\t\t\t\t\t\t\n\t\t\t\t\n\t\t\t\t\n<article id=\"post-18420\" class=\"regular post-18420 post type-post status-publish format-standard hentry category-2-staatsexamen category-offentliches-recht-rechtsgebiet category-protokolle category-magazin\">\n\n\t<div class=\"post-content\">\n\t\t\n\t\t\t\t\t\n\t\t\t\t\t\t\n\t\t\t<div class=\"post-meta no-img\">\n\t\t\t\t\n\t\t\t\t\t\t\t\t\n\t\t\t\t<div class=\"date\">\n\t\t\t\t\t\t\t\t\t\t\n\t\t\t\t\t\t<span class=\"month\">Feb.<\/span>\n\t\t\t\t\t\t<span class=\"day\">19<\/span>\n\t\t\t\t\t\t<span class=\"year\">2026<\/span>\t\t\t\t<\/div><!--\/date-->\n\t\t\t\t\n\t\t\t\t \n\t\t\t\t\t<div class=\"nectar-love-wrap\">\n\t\t\t\t\t\t<a href=\"#\" class=\"nectar-love\" id=\"nectar-love-18420\" title=\"Love this\"> <div class=\"heart-wrap\"><i class=\"icon-salient-heart-2\"><\/i> <i class=\"icon-salient-heart loved\"><\/i><\/div><span class=\"nectar-love-count\">7<\/span><\/a>\t\t\t\t\t<\/div><!--\/nectar-love-wrap-->\t\n\t\t\t\t\t\t\t<\/div><!--\/post-meta-->\n\t\t\t\n\t\t\t\t\n\t\t<div class=\"content-inner\">\n\t\t\t\n\t\t\t\t\t\t\n\t\t\t\t\t\t\t<div class=\"article-content-wrap\">\n\n\t\t\t\t\t<div class=\"post-header\">\n\t\t\t\t\t\t<h2 class=\"title\"> <a href=\"https:\/\/www.juridicus.de\/blog\/protokoll-der-muendlichen-pruefung-zum-2-staatsexamen-niedersachsen-vom-dezember-2025-3\/\">Protokoll der m\u00fcndlichen Pr\u00fcfung zum 2. Staatsexamen &#8211; Niedersachsen vom Dezember 2025 <\/a> <\/h2>\n\t\t\t\t\t\t<span class=\"meta-author\"><span>Von<\/span> <a href=\"https:\/\/www.juridicus.de\/blog\/author\/juridicus\/\" title=\"Beitr\u00e4ge von Juridicus Admin\" rel=\"author\">Juridicus Admin<\/a><\/span> <span class=\"meta-category\">| <a href=\"https:\/\/www.juridicus.de\/blog\/category\/magazin\/protokolle\/2-staatsexamen\/\">2.Staatsexamen<\/a>, <a href=\"https:\/\/www.juridicus.de\/blog\/category\/rechtsgebiet\/offentliches-recht-rechtsgebiet\/\">\u00d6ffentliches Recht<\/a>, <a href=\"https:\/\/www.juridicus.de\/blog\/category\/magazin\/protokolle\/\">Protokolle<\/a>, <a href=\"https:\/\/www.juridicus.de\/blog\/category\/magazin\/\">Pr\u00fcfungswissen<\/a><\/span> <span class=\"meta-comment-count\">| <a href=\"https:\/\/www.juridicus.de\/blog\/protokoll-der-muendlichen-pruefung-zum-2-staatsexamen-niedersachsen-vom-dezember-2025-3\/#respond\">\n\t\t\t\t\t\tKeine Kommentare<\/a><\/span>\n\t\t\t\t\t<\/div><!--\/post-header-->\n\t\t\t\t<div class=\"excerpt\"><p>[vc_row type=&#8220;in_container&#8220; scene_position=&#8220;center&#8220; text_color=&#8220;dark&#8220; text_align=&#8220;left&#8220; overlay_strength=&#8220;0.3&#8243;][vc_column column_padding=&#8220;no-extra-padding&#8220; column_padding_position=&#8220;all&#8220; background_color_opacity=&#8220;1&#8243; background_hover_color_opacity=&#8220;1&#8243; width=&#8220;1\/1&#8243;][\/vc_column][\/vc_row][vc_row type=&#8220;in_container&#8220; scene_position=&#8220;center&#8220; text_color=&#8220;dark&#8220; text_align=&#8220;left&#8220; overlay_strength=&#8220;0.3&#8243;][vc_column column_padding=&#8220;no-extra-padding&#8220; column_padding_position=&#8220;all&#8220; background_color_opacity=&#8220;1&#8243; background_hover_color_opacity=&#8220;1&#8243; width=&#8220;1\/1&#8243;][vc_column_text] Pr\u00fcfungsthemen: \u00d6ffentliches Recht [\/vc_column_text][vc_column_text] Vorpunkte der Kandidaten [\/vc_column_text][vc_column_text] Kandidat 1 Endpunkte 9,08 Endnote 10,07 Endnote 1. Examen 9,08 [\/vc_column_text][vc_column_text] Zur Sache: Pr\u00fcfungsstoff: protokollfest Pr\u00fcfungsthemen: Kommunalrecht und Gefahrabwehrrecht, au\u00dferdem allgemeines VwVfG Paragraphen: \u00a7123 VwGO Pr\u00fcfungsgespr\u00e4ch: Frage-Antwort, h\u00e4lt Reihenfolge ein, l\u00e4sst Meldungen zu, Intensivbefragung Einzelner, hart am Fall [\/vc_column_text][vc_column_text] [\/vc_column_text][\/vc_column][\/vc_row][vc_row type=&#8220;in_container&#8220;&#8230;<\/p>\n<\/div><a class=\"more-link\" href=\"https:\/\/www.juridicus.de\/blog\/protokoll-der-muendlichen-pruefung-zum-2-staatsexamen-niedersachsen-vom-dezember-2025-3\/\"><span class=\"continue-reading\">Weiter lesen<\/span><\/a>\t\t\t\t\t\n\t\t\t\t<\/div><!--article-content-wrap-->\n\n\t\t\t\t\t\t\n\t\t   \n\t\t\t\t\t\t\n\t\t\t\t\t\t\t\n\t\t<\/div><!--\/content-inner-->\n\t\t\n\t<\/div><!--\/post-content-->\n\t\t\n<\/article><!--\/article-->\n\t\t\t\t\t\t\n\t\t\t<\/div><!--\/posts container-->\n\t\t\t\n\t\t\t<div id=\"pagination\" data-is-text=\"All items loaded\"><span aria-current=\"page\" class=\"page-numbers current\">1<\/span>\n<a class=\"page-numbers\" href=\"https:\/\/www.juridicus.de\/blog\/wp-json\/wp\/v2\/pages\/5446\/page\/2\/\">2<\/a>\n<a class=\"page-numbers\" href=\"https:\/\/www.juridicus.de\/blog\/wp-json\/wp\/v2\/pages\/5446\/page\/3\/\">3<\/a>\n<span class=\"page-numbers dots\">&hellip;<\/span>\n<a class=\"page-numbers\" href=\"https:\/\/www.juridicus.de\/blog\/wp-json\/wp\/v2\/pages\/5446\/page\/72\/\">72<\/a>\n<a class=\"next page-numbers\" href=\"https:\/\/www.juridicus.de\/blog\/wp-json\/wp\/v2\/pages\/5446\/page\/2\/\">Weiter &raquo;<\/a><\/div>\t\t\n\t\t<\/div><!--\/span_9-->\n\t\t\n\t\t\t\t\t<div id=\"sidebar\" class=\"col span_3 col_last\">\n\t\t\t\t<div id=\"text-14\" class=\"widget widget_text\"><h4>Entdecke Juridicus<\/h4>\t\t\t<div class=\"textwidget\"><p><a href=\"https:\/\/www.juridicus.de\/pruefungsprotokolle\"><img decoding=\"async\" src=\"\/blog\/wp-content\/uploads\/2017\/03\/banner_1.png\" <\/><\/p>\n<\/div>\n\t\t<\/div>    \n\t\t\t<\/div><!--\/span_3-->\n\t   \n\t<\/div>\n\t\n\t[\/vc_column][\/vc_row]\n","protected":false},"excerpt":{"rendered":"<p>[vc_row][vc_column width=&#8220;1\/1&#8243;][vc_column_text] Alle gesammelten Pr\u00fcfungsprotokolle zum Zweiten\u00a0Staatsexamen Hier gibt es t\u00e4glich neue Beitr\u00e4ge![\/vc_column_text][\/vc_column][\/vc_row][vc_row][vc_column width=&#8220;1\/1&#8243;][\/vc_column][\/vc_row]<\/p>\n","protected":false},"author":1755,"featured_media":0,"parent":0,"menu_order":0,"comment_status":"closed","ping_status":"closed","template":"","meta":{"footnotes":""},"class_list":["post-5446","page","type-page","status-publish","hentry"],"_links":{"self":[{"href":"https:\/\/www.juridicus.de\/blog\/wp-json\/wp\/v2\/pages\/5446","targetHints":{"allow":["GET"]}}],"collection":[{"href":"https:\/\/www.juridicus.de\/blog\/wp-json\/wp\/v2\/pages"}],"about":[{"href":"https:\/\/www.juridicus.de\/blog\/wp-json\/wp\/v2\/types\/page"}],"author":[{"embeddable":true,"href":"https:\/\/www.juridicus.de\/blog\/wp-json\/wp\/v2\/users\/1755"}],"replies":[{"embeddable":true,"href":"https:\/\/www.juridicus.de\/blog\/wp-json\/wp\/v2\/comments?post=5446"}],"version-history":[{"count":1,"href":"https:\/\/www.juridicus.de\/blog\/wp-json\/wp\/v2\/pages\/5446\/revisions"}],"predecessor-version":[{"id":5447,"href":"https:\/\/www.juridicus.de\/blog\/wp-json\/wp\/v2\/pages\/5446\/revisions\/5447"}],"wp:attachment":[{"href":"https:\/\/www.juridicus.de\/blog\/wp-json\/wp\/v2\/media?parent=5446"}],"curies":[{"name":"wp","href":"https:\/\/api.w.org\/{rel}","templated":true}]}}